{"id":37,"date":"2025-04-11T11:30:57","date_gmt":"2025-04-11T09:30:57","guid":{"rendered":"http:\/\/apostasiamatildelanda.optyma.com\/?page_id=37"},"modified":"2025-07-12T21:38:16","modified_gmt":"2025-07-12T19:38:16","slug":"videos","status":"publish","type":"page","link":"https:\/\/www.apostasiamatildelanda.es\/index.php\/videos\/","title":{"rendered":"Apoyos"},"content":{"rendered":"\n<ul class=\"wp-block-list\">\n<li><a href=\"#nieto\">Mariano L\u00f3pez, nieto de Matilde Landa<\/a><\/li>\n\n\n\n<li><a href=\"#drogas\">Enrique Villarreal \u00abEl Drogas\u00bb<\/a>, m\u00fasico.<\/li>\n\n\n\n<li><a href=\"#lomarti\">Juan J. Lomarti, pintor y escultor,<\/a> autor de la imagen de la campa\u00f1a<\/li>\n\n\n\n<li><a href=\"#altamira\">Altamira Gonzalo<\/a>, jurista feminista y socialista<\/li>\n\n\n\n<li><a href=\"#sampedro\">Javier Sampedro Pleite, cient\u00edfico y periodista<\/a><\/li>\n\n\n\n<li><a href=\"#castillo\">Fernando S\u00e1nchez Castillo,<\/a> artista.<\/li>\n\n\n\n<li><a href=\"#cardiel\">V\u00edctor D\u00edaz Cardiel<\/a>, hist\u00f3rico militante y dirigente del PCE<\/li>\n\n\n\n<li><a href=\"#lillo\">Enrique Lillo<\/a>, abogado laboralista de CC.OO.<\/li>\n\n\n\n<li><a href=\"#Luda\">Luda Merino, artista 3D, dise\u00f1adora<\/a>, creadora del proyecto Restaurando su dignidad<\/li>\n\n\n\n<li><a href=\"#Vilabella\">Isabel Vilabella,<\/a> secretaria de formaci\u00f3n, empleo y memoria democr\u00e1tica de UGT Madrid<\/li>\n\n\n\n<li><a href=\"#Ginard\">David Ginard F\u00e9ron, <\/a>profesor y Doctor en Historia por la universidad de Islas Baleares y autor de varios libros sobre Matilde Landa<\/li>\n<\/ul>\n\n\n\n<h3 class=\"wp-block-heading has-vivid-red-color has-text-color has-link-color wp-elements-6c668e8d05a0ba3fc3619d69b293d2b5\" id=\"nieto\"><strong>Carta de Mariano L\u00f3pez, nieto de Matilde Landa<\/strong><\/h3>\n\n\n\n<p class=\"has-vivid-green-cyan-color has-text-color has-link-color has-large-font-size wp-elements-c05ed0d215fd7f94cc5d7078ba754baf\" id=\"mariano\"><\/p>\n\n\n\n<p>Buenas tardes: <\/p>\n\n\n\n<p>Agradezco el trabajo y esfuerzo de las que han organizado este homenaje a Matilde Landa.<\/p>\n\n\n\n<p>Soy Mariano L\u00f3pez, nieto de Matilde Landa. Desgraciadamente no conoc\u00ed a mi abuela. La represi\u00f3n franquista se abati\u00f3 sobre ella al igual que sobre cientos de miles de espa\u00f1oles.<\/p>\n\n\n\n<p>No puedo contaros de primera mano c\u00f3mo era Matilde; mis impresiones sobre ella son, por tanto, indirectas.<\/p>\n\n\n\n<p>Pero s\u00ed he conocido a los hermanos de Matilde: Jacinta y Rub\u00e9n, exiliados en M\u00e9xico y a A\u00edda, que permaneci\u00f3 en Espa\u00f1a.<\/p>\n\n\n\n<p>En ellos he visto la gran importancia que daban en la familia Landa a la educaci\u00f3n y a los principios de solidaridad y justicia como referentes morales.<\/p>\n\n\n\n<p>Como escribe David Ginard en la biograf\u00eda de Matilde: \u201cEl padre de Matilde (Rub\u00e9n Landa Coronado), estableci\u00f3 amistad con Francisco Giner de los R\u00edos, Bartolom\u00e9 Coss\u00edo y otros, futuros fundadores de la Instituci\u00f3n Libre de Ense\u00f1anza. Profundamente laico y tolerante, se cas\u00f3 por lo civil y educar\u00eda a sus hijos sin imposiciones religiosas. En este entorno crecer\u00eda Matilde (al igual que sus hermanos), rodeada de librepensadores con ideales pol\u00edticos republicanos, laicos y democr\u00e1ticos\u201d.<\/p>\n\n\n\n<p>Desde joven, Matilde expresa sus inclinaciones pol\u00edticas de izquierdas. En agosto de 1934 participa en la fundaci\u00f3n del Comit\u00e9 Nacional de Mujeres contra la Guerra y el Fascismo. En octubre del mismo a\u00f1o se afilia al Socorro Rojo Internacional y realiza labores de ayuda a las v\u00edctimas de la represi\u00f3n del fallido levantamiento de octubre. En los a\u00f1os 1935 y 1936 sigui\u00f3 participando activamente en las actividades del Socorro Rojo. Tras el golpe militar del 18 de julio, Matilde fue destinada para trabajar en el Hospital Obrero de Cuatro Caminos. Desde principios de 1937 se integr\u00f3 en la direcci\u00f3n del Socorro Rojo, haci\u00e9ndose cargo del auxilio a los refugiados, la evacuaci\u00f3n de ni\u00f1os, y las colonias infantiles en todo el territorio republicano.<\/p>\n\n\n\n<p>En febrero de 1937, Matilde junto con otras dirigentes del SRI viajaron hasta Almer\u00eda para organizar la ayuda a los miles de refugiados que hu\u00edan de M\u00e1laga por la carretera hacia Motril.<\/p>\n\n\n\n<p>Cuando Madrid cae en manos del ej\u00e9rcito franquista, Matilde no se exilia; decide quedarse y seguir clandestinamente su actividad pol\u00edtica; desgraciadamente pronto es detenida, juzgada y condenada a pena de muerte, conmutada despu\u00e9s por la de 30 a\u00f1os de prisi\u00f3n.<\/p>\n\n\n\n<p>Es enviada \u201cen castigo\u201d a la c\u00e1rcel de Palma de Mallorca, en aquella \u00e9poca de muy dif\u00edcil acceso para recibir visitas de la familia.<\/p>\n\n\n\n<p>Uno de los testimonios acerca de la esfera \u00edntima de la personalidad de Matilde son sus cartas desde la c\u00e1rcel a su hija Carmen, mi madre (fallecida en el a\u00f1o 2006). En un acto celebrado en la Casa de Cultura de Palma de Mallorca el 14 de abril de 2003 ella hace referencia a la \u201cfuerza moral que traslucen las cartas que recibi\u00f3 de su madre durante la guerra y desde las prisiones\u201d.<\/p>\n\n\n\n<p>Y que esa fuerza moral se concreta por ejemplo en una de las cartas que le escribe desde la c\u00e1rcel de Palma en febrero de 1941:<\/p>\n\n\n\n<p>\u201cNo olvides a los ni\u00f1os que han tenido menos suerte que t\u00fa, no olvides a los que han dejado sin padres, estos son los que merecen nuestra mayor atenci\u00f3n. Quisiera que todos los d\u00edas hicieras algo por ellos, es t\u00fa obligaci\u00f3n\u201d.<\/p>\n\n\n\n<p>El escritor Manuel V\u00e1zquez Montalb\u00e1n en su libro \u201cAutobiograf\u00eda del general Franco\u201d, escribe refiri\u00e9ndose a Matilde:<\/p>\n\n\n\n<p>\u201cCuando el miserable obispo de Mallorca Miralles Sbert tuvo noticias de la llegada a la isla de tan destacada prisionera la someti\u00f3 a un chantaje moral: si se convert\u00eda al catolicismo aumentar\u00eda la raci\u00f3n de comida para los hijos de las madres presas\u201d.<\/p>\n\n\n\n<p>Un chantaje similar a este sufri\u00f3 el poeta Miguel Hern\u00e1ndez, en la c\u00e1rcel de Alicante supeditando la asistencia m\u00e9dica que necesitaba a su conversi\u00f3n al catolicismo. Tampoco acept\u00f3.<\/p>\n\n\n\n<p>Creo que para mi abuela esa presi\u00f3n se convirti\u00f3 en algo intolerable y contribuy\u00f3, a acabar con su vida. La aceptaci\u00f3n del chantaje (el bautismo) supon\u00eda una traici\u00f3n a sus principios morales que ella no pod\u00eda aceptar.<\/p>\n\n\n\n<p>Por \u00faltimo, no quiero dejar de recordar aqu\u00ed a mi abuelo Paco (Francisco L\u00f3pez Ganivet), granadino, que se cas\u00f3 con Matilde en 1930, luch\u00f3 en el 5\u00ba Regimiento, vivi\u00f3 en el exilio y falleci\u00f3 en Madrid en 1962.<\/p>\n\n\n\n<p>Os doy las gracias en nombre de Matilde por este reconocimiento a su esfuerzo y sacrificio.<\/p>\n\n\n\n<p>Espero que sea un paso m\u00e1s para construir un mundo m\u00e1s justo y solidario.<\/p>\n\n\n\n<p>Esta es nuestra responsabilidad.<\/p>\n\n\n\n<p>                                                                                                 Madrid 03\/04\/2025<\/p>\n\n\n\n<h3 class=\"wp-block-heading has-vivid-red-color has-text-color has-link-color wp-elements-f8901960414f84a1b5e60e4d8c8795a3\" id=\"drogas\"><strong>Canci\u00f3n Matilde Landa. Versi\u00f3n de Enrique Villarreal \u00abEl Drogas\u00bb para la campa\u00f1a apostas\u00eda colectiva<\/strong><\/h3>\n\n\n\n<p class=\"has-vivid-green-cyan-color has-text-color has-link-color has-large-font-size wp-elements-72289fb0beabec8ce363a5fa4a5d84e4\" id=\"drogas\"><\/p>\n\n\n\n<figure class=\"wp-block-embed is-type-video is-provider-youtube wp-block-embed-youtube wp-embed-aspect-16-9 wp-has-aspect-ratio\"><div class=\"wp-block-embed__wrapper\">\n<iframe loading=\"lazy\" title=\"Matilde Landa. Versi\u00f3n El Drogas para campa\u00f1a apostas\u00eda colectiva\" width=\"500\" height=\"281\" src=\"https:\/\/www.youtube.com\/embed\/ILDDLqKFifQ?feature=oembed\" frameborder=\"0\" allow=\"accelerometer; autoplay; clipboard-write; encrypted-media; gyroscope; picture-in-picture; web-share\" referrerpolicy=\"strict-origin-when-cross-origin\" allowfullscreen><\/iframe>\n<\/div><\/figure>\n\n\n\n<p>Agradecemos esta versi\u00f3n de su canci\u00f3n \u00abMatilde Landa\u00bb, de Barricada, y su compromiso siempre firme con las causas que nos dignifican como seres humanos. <\/p>\n\n\n\n<h3 class=\"wp-block-heading has-vivid-red-color has-text-color has-link-color wp-elements-b5442bdffb067f583ef445d0ffe2d7fd\" id=\"lomarti\"><strong>Presentaci\u00f3n de la ilustraci\u00f3n de la campa\u00f1a por su autor: Juan J. Lomarti<\/strong><\/h3>\n\n\n\n<p class=\"has-vivid-green-cyan-color has-text-color has-link-color has-large-font-size wp-elements-6d41db6b56936845e531cab3dc0ad47e\" id=\"lomarti\"><\/p>\n\n\n\n<figure class=\"wp-block-image size-medium\"><img loading=\"lazy\" decoding=\"async\" width=\"204\" height=\"300\" src=\"https:\/\/www.apostasiamatildelanda.es\/wp-content\/uploads\/2025\/04\/MatildeLandaCOLOR-copia-1-204x300.jpg\" alt=\"\" class=\"wp-image-103\" srcset=\"https:\/\/www.apostasiamatildelanda.es\/wp-content\/uploads\/2025\/04\/MatildeLandaCOLOR-copia-1-204x300.jpg 204w, https:\/\/www.apostasiamatildelanda.es\/wp-content\/uploads\/2025\/04\/MatildeLandaCOLOR-copia-1-698x1024.jpg 698w, https:\/\/www.apostasiamatildelanda.es\/wp-content\/uploads\/2025\/04\/MatildeLandaCOLOR-copia-1-768x1127.jpg 768w, https:\/\/www.apostasiamatildelanda.es\/wp-content\/uploads\/2025\/04\/MatildeLandaCOLOR-copia-1-1047x1536.jpg 1047w, https:\/\/www.apostasiamatildelanda.es\/wp-content\/uploads\/2025\/04\/MatildeLandaCOLOR-copia-1-1396x2048.jpg 1396w, https:\/\/www.apostasiamatildelanda.es\/wp-content\/uploads\/2025\/04\/MatildeLandaCOLOR-copia-1-scaled.jpg 1745w\" sizes=\"auto, (max-width: 204px) 100vw, 204px\" \/><\/figure>\n\n\n\n<p><strong>Apunte biogr\u00e1fico:<\/strong><\/p>\n\n\n\n<p>Nac\u00ed en Lugo en el a\u00f1o 1957. Empec\u00e9 en el arte en 1970, me considero un artista multidisciplinar de formaci\u00f3n autodidacta. En mi obra participa la pintura, escultura, performance, fotograf\u00eda y escritura como parte de ese todo que define al arte.<\/p>\n\n\n\n<p>Visto en su totalidad, desde ese punto caleidosc\u00f3pico y tan cambiante y ecl\u00e9ctico, es una apuesta arriesgada por lo dif\u00edcil de definir de cara al p\u00fablico y a la cr\u00edtica convencional. Me gusta presentar las exposiciones con elementos y materias muy dispares pero interrelacionados, como si de una narraci\u00f3n, idea o concepto se tratase.<\/p>\n\n\n\n<p><strong>Tema de la ilustraci\u00f3n de la campa\u00f1a<\/strong><\/p>\n\n\n\n<p>En el cartel para el homenaje a Matilde Landa las manchas negras en lo alto representan la ventana final con la silueta de su convicci\u00f3n en el suelo, el testimonio de ese alma blanca que solo a ella le pertenece. Sobre la cabeza de su retrato est\u00e1n los colores como principios que representan sus ideales, que estar\u00e1n all\u00ed donde ella est\u00e9. En primer t\u00e9rmino el hombre de la dictadura en su falsa religiosidad sobre una masa informe que representa a su general a la vez que envuelve una cruz.<\/p>\n\n\n\n<h3 class=\"wp-block-heading has-vivid-red-color has-text-color has-link-color wp-elements-c6b2732b8b0133ba5a2aa2f9e7de34a9\" id=\"altamira\"><strong>Apoyo de Altamira Gonzalo, jurista feminista y socialista<\/strong><\/h3>\n\n\n\n<p class=\"has-vivid-red-color has-text-color has-link-color wp-elements-23e7c81bed11a92f9da9e25bfe157917\" id=\"altamira\"><\/p>\n\n\n\n<p>Me bautizaron en la iglesia cat\u00f3lica y me hicieron comulgar sin mi consentimiento.<\/p>\n\n\n\n<p>Me dieron educaci\u00f3n cat\u00f3lica durante toda mi infancia y adolescencia y jam\u00e1s he vuelto a aquel colegio de monjas en el que estudi\u00e9 hasta los 16 o 17 a\u00f1os. Mis hijas jam\u00e1s recibieron educaci\u00f3n religiosa, ni cat\u00f3lica ni de ninguna otra religi\u00f3n; nunca se lo prohibimos, sencillamente las dejamos elegir. Las ideas no se imponen.<\/p>\n\n\n\n<p>Porque somos lo que hacemos y no lo que decimos y el testimonio como instituci\u00f3n de la iglesia cat\u00f3lica, que es la que conozco, es incoherente, porque no sirve ni a la Justicia hacia los\/as m\u00e1s necesitados, ni a la Igualdad de mujeres y hombres.<\/p>\n\n\n\n<h3 class=\"wp-block-heading has-vivid-red-color has-text-color has-link-color wp-elements-14939f24f8e57f2c5ede2b59e47a0f87\" id=\"Ginard\"><strong>David Ginard, Doctor en Historia y profesor de la Universidad de Islas Baleares<\/strong><\/h3>\n\n\n\n<p>Recibimos y agradecemos estas palabras de la persona que m\u00e1s ha estudiado la figura de Matilde Landa y que tiene varios libros publicados sobre ella, cuya lectura recomendamos much\u00edsimo: <\/p>\n\n\n\n<p>\u00abMi enhorabuena por vuestra iniciativa. Es imprescindible difundir el librepensamiento y la laicidad y qu\u00e9 mejor que hacerlo recuperando referentes hist\u00f3ricos como Matilde Landa. Matilde defendi\u00f3 hasta el final su derecho a no asociarse a ning\u00fan credo religioso y lo combin\u00f3 con el m\u00e1ximo respeto hacia quienes tomaban otras opciones. Ese es el camino. <\/p>\n\n\n\n<p>Un abrazo. David Ginard\u00bb<\/p>\n\n\n\n<h3 class=\"wp-block-heading has-vivid-red-color has-text-color has-link-color wp-elements-70ef0895e7be375dfbb356d7a09887c7\" id=\"sampedro\"><strong>Apoyo de Javier Sampedro Pleite, cient\u00edfico y periodista<\/strong><\/h3>\n\n\n\n<p>Estoy en contra de los privilegios que le otorga el Estado y estoy m\u00e1s en contra a\u00fan de los actos depredadores sexuales contra ni\u00f1os y ni\u00f1as que, con toda la complicidad de la jerarqu\u00eda cat\u00f3lica, han ejercido muchos de sus representantes.<\/p>\n\n\n\n<p>No creo en ning\u00fan dios. Creo en las personas, en sus derechos, en la Justicia y en la Igualdad.<\/p>\n\n\n\n<p>Los sentimientos religiosos son una cuesti\u00f3n exclusivamente personal, y por tanto deben permanecer alejados de la actividad pol\u00edtica. Solo un Estado laico garantizar\u00e1 el funcionamiento de una democracia avanzada. El caso de Matilde es una ilustraci\u00f3n extrema del grado de crueldad y de irracionalidad que puede implicar la intervenci\u00f3n de la religi\u00f3n en la pol\u00edtica, y deber\u00eda remover la conciencia incluso de los ciudadanos creyentes.<\/p>\n\n\n\n<h3 class=\"wp-block-heading has-vivid-red-color has-text-color has-link-color wp-elements-8ad2863cc13a1bf116798f14487845a4\" id=\"castillo\"><strong>Apoyo de Fernando S\u00e1nchez Castillo, artista<\/strong><\/h3>\n\n\n\n<p>Agradecemos enormemente al artista Fernando S\u00e1nchez Castillo su apoyo a nuestra campa\u00f1a. Mostramos el v\u00eddeo que nos env\u00eda, de su exposici\u00f3n Futuro Damnatio en el museo de La paz de Guernica.<\/p>\n\n\n\n<figure class=\"wp-block-embed is-type-video is-provider-youtube wp-block-embed-youtube wp-embed-aspect-16-9 wp-has-aspect-ratio\"><div class=\"wp-block-embed__wrapper\">\n<iframe loading=\"lazy\" title=\"FUTURO DAMNATIO Exposici\u00f3n Fernando S\u00e1nchez Castillo en Museo de la Paz de Gernika\" width=\"500\" height=\"281\" src=\"https:\/\/www.youtube.com\/embed\/UHkJKTfxXE4?feature=oembed\" frameborder=\"0\" allow=\"accelerometer; autoplay; clipboard-write; encrypted-media; gyroscope; picture-in-picture; web-share\" referrerpolicy=\"strict-origin-when-cross-origin\" allowfullscreen><\/iframe>\n<\/div><\/figure>\n\n\n\n<p>Destacamos de su obra la Bandera blanca, la m\u00e1s grande de Espa\u00f1a, de la que dice su autor: \u00abes como un lienzo en blanco, neutro, y significa so\u00f1ar con otras formas de convivir\u00bb.<\/p>\n\n\n\n<figure class=\"wp-block-image size-large\"><img loading=\"lazy\" decoding=\"async\" width=\"461\" height=\"1024\" src=\"https:\/\/www.apostasiamatildelanda.es\/wp-content\/uploads\/2025\/04\/bandera-blanca-fernando-sanchez-castillo-461x1024.jfif\" alt=\"\" class=\"wp-image-259\" srcset=\"https:\/\/www.apostasiamatildelanda.es\/wp-content\/uploads\/2025\/04\/bandera-blanca-fernando-sanchez-castillo-461x1024.jfif 461w, https:\/\/www.apostasiamatildelanda.es\/wp-content\/uploads\/2025\/04\/bandera-blanca-fernando-sanchez-castillo-135x300.jfif 135w, https:\/\/www.apostasiamatildelanda.es\/wp-content\/uploads\/2025\/04\/bandera-blanca-fernando-sanchez-castillo-768x1708.jfif 768w, https:\/\/www.apostasiamatildelanda.es\/wp-content\/uploads\/2025\/04\/bandera-blanca-fernando-sanchez-castillo-691x1536.jfif 691w, https:\/\/www.apostasiamatildelanda.es\/wp-content\/uploads\/2025\/04\/bandera-blanca-fernando-sanchez-castillo.jfif 921w\" sizes=\"auto, (max-width: 461px) 100vw, 461px\" \/><\/figure>\n\n\n\n<h3 class=\"wp-block-heading has-vivid-red-color has-text-color has-link-color wp-elements-59785954cda9b20f586346f5dea82e1d\" id=\"cardiel\"><strong>Apoyo de V\u00edctor D\u00edaz-Cardiel, hist\u00f3rico militante y dirigente del Partido Comunista de Espa\u00f1a<\/strong><\/h3>\n\n\n\n<figure class=\"wp-block-embed is-type-video is-provider-youtube wp-block-embed-youtube wp-embed-aspect-16-9 wp-has-aspect-ratio\"><div class=\"wp-block-embed__wrapper\">\n<iframe loading=\"lazy\" title=\"V\u00edctor D\u00edaz Cardiel apoya la campa\u00f1a Apostas\u00eda colectiva por Matilde Landa\" width=\"500\" height=\"281\" src=\"https:\/\/www.youtube.com\/embed\/IALsoYNBMU8?feature=oembed\" frameborder=\"0\" allow=\"accelerometer; autoplay; clipboard-write; encrypted-media; gyroscope; picture-in-picture; web-share\" referrerpolicy=\"strict-origin-when-cross-origin\" allowfullscreen><\/iframe>\n<\/div><\/figure>\n\n\n\n<p>Relevante pol\u00edtico espa\u00f1ol. Por su actividad pol\u00edtica fue encarcelado por la dictadura franquista y pas\u00f3 nueve a\u00f1os en prisi\u00f3n, de 1965 a 1974.<br>Actualmente jubilado, es el portavoz de la Plataforma por un Centro para la Paz y la Memoria en la antigua c\u00e1rcel de Carabanchel y participa en iniciativas por la Rep\u00fablica.<\/p>\n\n\n\n<h3 class=\"wp-block-heading has-vivid-red-color has-text-color has-link-color wp-elements-ccbfff2dd6cef0c0dafc2861df9cb82e\" id=\"lillo\"><strong>Enrique Lillo, abogado laboralista de Comisiones Obreras (CCOO)<\/strong><\/h3>\n\n\n\n<figure class=\"wp-block-embed is-type-video is-provider-youtube wp-block-embed-youtube wp-embed-aspect-16-9 wp-has-aspect-ratio\"><div class=\"wp-block-embed__wrapper\">\n<iframe loading=\"lazy\" title=\"Enrique Lillo, abogado laboralista de CCOO.  Apoyo a la campa\u00f1a de apostasia colectiva Matilde Landa\" width=\"500\" height=\"281\" src=\"https:\/\/www.youtube.com\/embed\/nn7FeaO7-2U?feature=oembed\" frameborder=\"0\" allow=\"accelerometer; autoplay; clipboard-write; encrypted-media; gyroscope; picture-in-picture; web-share\" referrerpolicy=\"strict-origin-when-cross-origin\" allowfullscreen><\/iframe>\n<\/div><\/figure>\n\n\n\n<p>Abogado laboralista que ha sido responsable del Gabinete Jur\u00eddico Interfederal de CCOO. En 2016 recibi\u00f3 el premio al Laboralista del a\u00f1o, otorgado por la Asociaci\u00f3n Nacional de Laboralistas (ASNALA).<\/p>\n\n\n\n<h2 class=\"wp-block-heading has-vivid-red-color has-text-color has-link-color wp-elements-e9a9b6e9867b4283151d514bf36c2e1b\" id=\"Luda\"><strong>Luda Merino, artista 3D, dise\u00f1adora, creadora del proyecto Restaurando su dignidad<\/strong><\/h2>\n\n\n\n<p>Luda Merino es la persona que est\u00e1 detr\u00e1s de la cuenta Restaurando su dignidad, que arranc\u00f3 en 2021 en Twitter (actual X), y donde la siguen ya m\u00e1s de 150.000 personas. En esa cuenta restaura y colorea fotograf\u00edas hist\u00f3ricas de personas represaliadas por el fascismo  y expone hilos divulgativos. <\/p>\n\n\n\n<p class=\"has-vivid-cyan-blue-color has-text-color has-link-color wp-elements-fdd127520ca923e4524c067aec3a5c90\"><a href=\"http:\/\/restaurandosudignidad.es\/\">Restaurando+su+dignidad<\/a><\/p>\n\n\n\n<p>@RestaurandoDign<\/p>\n\n\n\n<p>Adem\u00e1s de comprometerse con la dignidad y la memoria, Luda tambi\u00e9n lo hace con quienes han protagonizado una adopci\u00f3n internacional y a trav\u00e9s de su propia experiencia trata de ayudarles y divulgar esta realidad y sus dificultades.  <\/p>\n\n\n\n<p>Gracias a su dise\u00f1o, Matilde Landa nos regala su profunda mirada, su serena sonrisa, y nos sentimos interpeladas a profundizar en su historia, en una historia que no deja indiferente.<\/p>\n\n\n\n<figure class=\"wp-block-image size-large\"><img loading=\"lazy\" decoding=\"async\" width=\"1024\" height=\"911\" src=\"https:\/\/www.apostasiamatildelanda.es\/wp-content\/uploads\/2025\/06\/foto-matilde-landa-restaurada-1024x911.jfif\" alt=\"\" class=\"wp-image-430\" srcset=\"https:\/\/www.apostasiamatildelanda.es\/wp-content\/uploads\/2025\/06\/foto-matilde-landa-restaurada-1024x911.jfif 1024w, https:\/\/www.apostasiamatildelanda.es\/wp-content\/uploads\/2025\/06\/foto-matilde-landa-restaurada-300x267.jfif 300w, https:\/\/www.apostasiamatildelanda.es\/wp-content\/uploads\/2025\/06\/foto-matilde-landa-restaurada-768x683.jfif 768w, https:\/\/www.apostasiamatildelanda.es\/wp-content\/uploads\/2025\/06\/foto-matilde-landa-restaurada.jfif 1212w\" sizes=\"auto, (max-width: 1024px) 100vw, 1024px\" \/><\/figure>\n\n\n\n<p><\/p>\n\n\n\n<h2 class=\"wp-block-heading has-vivid-red-color has-text-color has-link-color wp-elements-7bc39b6193a36bd15f60a1210df6233e\" id=\"Vilabella\"><strong>Isabel Vilabella, UGT Madrid<\/strong><\/h2>\n\n\n\n<figure class=\"wp-block-embed is-type-video is-provider-youtube wp-block-embed-youtube wp-embed-aspect-16-9 wp-has-aspect-ratio\"><div class=\"wp-block-embed__wrapper\">\n<iframe loading=\"lazy\" title=\"Isabel Vilabella, responsable de memoria democr\u00e1tica de UGT Madrid, apoya la campa\u00f1a Matilde Landa\" width=\"500\" height=\"281\" src=\"https:\/\/www.youtube.com\/embed\/3eolRK61Lv0?feature=oembed\" frameborder=\"0\" allow=\"accelerometer; autoplay; clipboard-write; encrypted-media; gyroscope; picture-in-picture; web-share\" referrerpolicy=\"strict-origin-when-cross-origin\" allowfullscreen><\/iframe>\n<\/div><\/figure>\n\n\n\n<p>Isabel Vilabella es Secretaria de formaci\u00f3n, empleo y memoria democr\u00e1tica de UGT Madrid. <\/p>\n","protected":false},"excerpt":{"rendered":"<p>Carta de Mariano L\u00f3pez, nieto de Matilde Landa Buenas tardes: Agradezco el trabajo y esfuerzo de las que han organizado este homenaje a Matilde Landa. Soy Mariano L\u00f3pez, nieto de Matilde Landa. Desgraciadamente no conoc\u00ed a mi abuela. La represi\u00f3n franquista se abati\u00f3 sobre ella al igual que sobre cientos de miles de espa\u00f1oles. No [&hellip;]<\/p>\n","protected":false},"author":1,"featured_media":0,"parent":0,"menu_order":0,"comment_status":"closed","ping_status":"closed","template":"","meta":{"footnotes":""},"class_list":["post-37","page","type-page","status-publish","hentry"],"_links":{"self":[{"href":"https:\/\/www.apostasiamatildelanda.es\/index.php\/wp-json\/wp\/v2\/pages\/37","targetHints":{"allow":["GET"]}}],"collection":[{"href":"https:\/\/www.apostasiamatildelanda.es\/index.php\/wp-json\/wp\/v2\/pages"}],"about":[{"href":"https:\/\/www.apostasiamatildelanda.es\/index.php\/wp-json\/wp\/v2\/types\/page"}],"author":[{"embeddable":true,"href":"https:\/\/www.apostasiamatildelanda.es\/index.php\/wp-json\/wp\/v2\/users\/1"}],"replies":[{"embeddable":true,"href":"https:\/\/www.apostasiamatildelanda.es\/index.php\/wp-json\/wp\/v2\/comments?post=37"}],"version-history":[{"count":63,"href":"https:\/\/www.apostasiamatildelanda.es\/index.php\/wp-json\/wp\/v2\/pages\/37\/revisions"}],"predecessor-version":[{"id":460,"href":"https:\/\/www.apostasiamatildelanda.es\/index.php\/wp-json\/wp\/v2\/pages\/37\/revisions\/460"}],"wp:attachment":[{"href":"https:\/\/www.apostasiamatildelanda.es\/index.php\/wp-json\/wp\/v2\/media?parent=37"}],"curies":[{"name":"wp","href":"https:\/\/api.w.org\/{rel}","templated":true}]}}